{"version":"1.0","provider_name":"Rapport activit\u00e9","provider_url":"https:\/\/rapport.upcf.ch","author_name":"admin","author_url":"https:\/\/rapport.upcf.ch\/index.php\/author\/upcf_tw1iy6nf\/","title":"2022 Rapport pr\u00e9sident - Patrick Gendre - FR - Rapport activit\u00e9","type":"rich","width":600,"height":338,"html":"<blockquote class=\"wp-embedded-content\" data-secret=\"5kwghiTean\"><a href=\"https:\/\/rapport.upcf.ch\/index.php\/2022\/11\/23\/rapportpresident2022\/\">2022 Rapport pr\u00e9sident &#8211; Patrick Gendre &#8211; FR<\/a><\/blockquote><iframe sandbox=\"allow-scripts\" security=\"restricted\" src=\"https:\/\/rapport.upcf.ch\/index.php\/2022\/11\/23\/rapportpresident2022\/embed\/#?secret=5kwghiTean\" width=\"600\" height=\"338\" title=\"\u00ab\u00a02022 Rapport pr\u00e9sident &#8211; Patrick Gendre &#8211; FR\u00a0\u00bb &#8212; Rapport activit\u00e9\" data-secret=\"5kwghiTean\" frameborder=\"0\" marginwidth=\"0\" marginheight=\"0\" scrolling=\"no\" class=\"wp-embedded-content\"><\/iframe><script>\n\/*! This file is auto-generated *\/\n!function(d,l){\"use strict\";l.querySelector&&d.addEventListener&&\"undefined\"!=typeof URL&&(d.wp=d.wp||{},d.wp.receiveEmbedMessage||(d.wp.receiveEmbedMessage=function(e){var t=e.data;if((t||t.secret||t.message||t.value)&&!\/[^a-zA-Z0-9]\/.test(t.secret)){for(var s,r,n,a=l.querySelectorAll('iframe[data-secret=\"'+t.secret+'\"]'),o=l.querySelectorAll('blockquote[data-secret=\"'+t.secret+'\"]'),c=new RegExp(\"^https?:$\",\"i\"),i=0;i<o.length;i++)o[i].style.display=\"none\";for(i=0;i<a.length;i++)s=a[i],e.source===s.contentWindow&&(s.removeAttribute(\"style\"),\"height\"===t.message?(1e3<(r=parseInt(t.value,10))?r=1e3:~~r<200&&(r=200),s.height=r):\"link\"===t.message&&(r=new URL(s.getAttribute(\"src\")),n=new URL(t.value),c.test(n.protocol))&&n.host===r.host&&l.activeElement===s&&(d.top.location.href=t.value))}},d.addEventListener(\"message\",d.wp.receiveEmbedMessage,!1),l.addEventListener(\"DOMContentLoaded\",function(){for(var e,t,s=l.querySelectorAll(\"iframe.wp-embedded-content\"),r=0;r<s.length;r++)(t=(e=s[r]).getAttribute(\"data-secret\"))||(t=Math.random().toString(36).substring(2,12),e.src+=\"#?secret=\"+t,e.setAttribute(\"data-secret\",t)),e.contentWindow.postMessage({message:\"ready\",secret:t},\"*\")},!1)))}(window,document);\n\/\/# sourceURL=https:\/\/rapport.upcf.ch\/wp-includes\/js\/wp-embed.min.js\n<\/script>\n","description":"Rapport annuel 2022 Rapport du pr\u00e9sident L\u2019ann\u00e9e 2022 restera celle durant laquelle les derni\u00e8res mesures li\u00e9es \u00e0 la pand\u00e9mie de coronavirus ont \u00e9t\u00e9 lev\u00e9es. Une d\u00e9cision prise par les autorit\u00e9s qui a permis de r\u00e9duire la pression sur l\u2019\u00e9conomie mondiale, nationale et locale. Gr\u00e2ce \u00e0 cette suppression progressive des restrictions, les entreprises n\u2019ont plus eu [&hellip;]","thumbnail_url":"https:\/\/rapport.upcf.ch\/wp-content\/uploads\/2023\/01\/Logo_Rond_OK_Plan-de-travail-1.svg"}